{"id":2126,"date":"2024-08-20T10:00:00","date_gmt":"2024-08-20T09:00:00","guid":{"rendered":"https:\/\/desucla.com\/resources\/representacao-de-iva-e-alfandega-nos-paises-baixos\/"},"modified":"2026-03-02T23:43:33","modified_gmt":"2026-03-02T23:43:33","slug":"representacao-de-iva-e-alfandega-nos-paises-baixos","status":"publish","type":"resource","link":"https:\/\/www.desucla.com\/pt\/resources\/representacao-de-iva-e-alfandega-nos-paises-baixos\/","title":{"rendered":"Representa\u00e7\u00e3o de IVA e Alf\u00e2ndega nos Pa\u00edses Baixos"},"content":{"rendered":"<p>A Desucla atua como representante fiscal em todos os estados da UE e em alguns pa\u00edses fora da UE. \u00c9 um requisito formal nomear um representante fiscal em at\u00e9 20 estados membros da UE. O representante, uma vez nomeado, assume o papel da empresa estrangeira. Um representante fiscal atua como representante de IVA e \u00e9 normalmente respons\u00e1vel perante a Autoridade Tribut\u00e1ria pelo estado de conformidade dos comerciantes que representa.<\/p>\n<p>Os comerciantes podem inscrever-se e adquirir representa\u00e7\u00e3o fiscal atrav\u00e9s da Desucla online.<\/p>\n<p>Nos Pa\u00edses Baixos, tamb\u00e9m estamos autorizados a atuar como Representante Fiscal Limitado, onde a Desucla importa mercadorias em nome de comerciantes cujos produtos s\u00e3o destinados a clientes fora dos Pa\u00edses Baixos. A Desucla pode tratar das formalidades de importa\u00e7\u00e3o, adiamento de direitos e o fornecimento subsequente de mercadorias.<\/p>\n<p>Abaixo encontrar\u00e1 um resumo do ambiente de representa\u00e7\u00f5es nos Pa\u00edses Baixos, cobrindo Representante Fiscal Geral, Representante Fiscal Limitado e Representante Indireto.<\/p>\n<ol>\n<li><strong>Representante Fiscal Geral<\/strong><\/li>\n<\/ol>\n<p>Um representante fiscal geral nos Pa\u00edses Baixos \u00e9 o que consideramos um representante fiscal normal em qualquer outro pa\u00eds onde \u00e9 utilizado. Um representante fiscal geral pode ser nomeado por um comerciante que deseja poder comercializar nesse pa\u00eds e que precisa de um n\u00famero de IVA local.<\/p>\n<p>Um representante fiscal geral n\u00e3o \u00e9 obrigat\u00f3rio nos Pa\u00edses Baixos, mas \u00e9 necess\u00e1rio se um comerciante quiser evitar pagar IVA de importa\u00e7\u00e3o no ponto de importa\u00e7\u00e3o. Para isso, o comerciante precisa do que \u00e9 chamado de Licen\u00e7a do Artigo 23, que permite evitar os custos de fluxo de caixa de pagar IVA na fronteira.<\/p>\n<p>O Artigo 23 n\u00e3o cobre direitos aduaneiros, por isso estes t\u00eam de ser pagos no momento da importa\u00e7\u00e3o ou adiados durante o m\u00eas e depois pagos ap\u00f3s o final do m\u00eas em uma soma \u00fanica. Nesses casos, uma garantia banc\u00e1ria ou dep\u00f3sito financeiro tamb\u00e9m \u00e9 necess\u00e1rio, o que \u00e9 proporcional \u00e0 responsabilidade esperada e \u00e9 normalmente negociado pelo representante fiscal em nome do comerciante.<\/p>\n<p>O processo de nomea\u00e7\u00e3o de um representante fiscal geral \u00e9 feito apenas ap\u00f3s o recebimento do n\u00famero de IVA e cada nomea\u00e7\u00e3o \u00e9 individualmente aprovada pelas Autoridades Fiscais Holandesas. Um representante fiscal geral tamb\u00e9m pode ser usado \u2013 na interpreta\u00e7\u00e3o das Autoridades Fiscais Holandesas \u2013 como um estabelecimento para fins de IVA e Alf\u00e2ndega apenas de uma empresa n\u00e3o residente. Isso significa que qualquer comerciante que tenha um representante fiscal geral pode importar para os Pa\u00edses Baixos e a UE, o que facilita o processo de importa\u00e7\u00e3o e reduz o custo.<\/p>\n<p>Portanto, em princ\u00edpio, nos Pa\u00edses Baixos n\u00e3o \u00e9 necess\u00e1rio ter tanto um representante fiscal geral quanto um representante indireto (veja abaixo para explica\u00e7\u00e3o) para importar, pois o representante fiscal geral na pr\u00e1tica elimina a necessidade de um representante indireto.<\/p>\n<p>Deve-se notar que a documenta\u00e7\u00e3o produzida por <em>algumas<\/em> empresas de transporte n\u00e3o admite facilmente isso como uma possibilidade, por isso pode ser que seus sistemas n\u00e3o consigam trabalhar com uma empresa n\u00e3o pertencente \u00e0 UE usando um endere\u00e7o holand\u00eas, a menos que haja um representante indireto em vigor.<\/p>\n<ol start=\"2\">\n<li><strong>Representante Fiscal Limitado (LFR)<\/strong><\/li>\n<\/ol>\n<p>Um Representante Fiscal Limitado \u00e9 uma entidade muito diferente e s\u00f3 pode ser usado para ajudar comerciantes que desejam importar mercadorias para os Pa\u00edses Baixos, mas apenas onde as mercadorias s\u00e3o destinadas a um pa\u00eds que n\u00e3o seja os Pa\u00edses Baixos (tipicamente outro estado da UE). Isso significa que um comerciante n\u00e3o precisa do seu pr\u00f3prio n\u00famero de IVA holand\u00eas para importar para a UE. Desde que tenha um n\u00famero de IVA em outro lugar para o qual as mercadorias s\u00e3o despachadas, a importa\u00e7\u00e3o para a UE pode ser feita com um Representante Fiscal Limitado atuando em nome do comerciante.<\/p>\n<p>Neste caso, claro, o Representante Fiscal Limitado pode ser nomeado e na verdade torna-se parte da cadeia de fornecimento. Uma vez nomeado, torna-se o importador e fornecedor subsequente de mercadorias para o comerciante. A Desucla est\u00e1 autorizada a atuar nesta capacidade para comerciantes tanto da UE quanto de fora da UE.<\/p>\n<p>Os n\u00fameros de IVA de Representante Fiscal Limitado t\u00eam um sufixo especial que informa a Autoridade Tribut\u00e1ria Holandesa que estamos atuando nessa capacidade. Uma vez importadas, a Desucla faz um fornecimento subsequente (&#8220;taxa zero&#8221;) das mercadorias de volta para o comerciante importador. A Desucla Pa\u00edses Baixos tem uma autoriza\u00e7\u00e3o para atuar como Representante Fiscal Limitado e tem uma licen\u00e7a do Artigo 23 em vigor para suas nomea\u00e7\u00f5es. A Desucla Pa\u00edses Baixos tamb\u00e9m tem uma conta de adiamento de direitos em vigor para apoiar essas transa\u00e7\u00f5es.<\/p>\n<ol start=\"3\">\n<li><strong>Representa\u00e7\u00e3o Indireta<\/strong><\/li>\n<\/ol>\n<p>Um representante indireto \u00e9 uma forma de representante aduaneiro. Sob o c\u00f3digo aduaneiro da UE, um importador n\u00e3o pode importar para a UE a menos que esteja estabelecido l\u00e1. A Desucla pode atuar como representante indireto, mas pelos motivos acima mencionados, raramente \u00e9 necess\u00e1rio nos Pa\u00edses Baixos, pois um representante fiscal geralmente \u00e9 suficiente.<\/p>\n<p>Note que um representante indireto \u00e9 o declarante da importa\u00e7\u00e3o e n\u00e3o o importador das mercadorias \u2013 o representante indireto garante as importa\u00e7\u00f5es feitas pelos comerciantes n\u00e3o residentes. A Desucla Pa\u00edses Baixos est\u00e1 autorizada pela Autoridade Tribut\u00e1ria Holandesa a atuar como representante indireto.<\/p>\n<p>O processo \u00e9 tipicamente muito r\u00e1pido, pois basta emitir uma Carta de Nomea\u00e7\u00e3o para criar a rela\u00e7\u00e3o de representante indireto.<\/p>\n<p>O problema com representantes indiretos surge com a relut\u00e2ncia das empresas de transporte em trabalhar com eles. Muitas das empresas de transporte temem a migra\u00e7\u00e3o de responsabilidade para suas pr\u00f3prias opera\u00e7\u00f5es, o que torna essa forma de representa\u00e7\u00e3o pouco atraente para elas. Rotas alternativas s\u00e3o quase sempre preferidas.<\/p>\n<p><em>Esta \u00e9 uma parte de um blog regular que estamos come\u00e7ando na Desucla sobre assuntos de interesse relacionados ao com\u00e9rcio, impostos e alf\u00e2ndega na Europa.<\/em><\/p>\n<p><em>Uma das quest\u00f5es sobre as quais recebemos muitas perguntas \u00e9 a Representa\u00e7\u00e3o nos Pa\u00edses Baixos, que \u00e9 o regime mais complexo, mas tamb\u00e9m potencialmente mais \u00fatil, penso eu, na Europa.<\/em><\/p>\n","protected":false},"excerpt":{"rendered":"<p>Um resumo do Representante Fiscal Geral, Representante Fiscal Limitado e Representante Indireto nos Pa\u00edses Baixos.<\/p>\n","protected":false},"featured_media":1779,"template":"","resource_type":[75],"resource_topic":[105,101],"resource_product":[103],"class_list":["post-2126","resource","type-resource","status-publish","has-post-thumbnail","hentry","resource_type-blog","resource_topic-customs","resource_topic-vat","resource_product-submit-settle"],"acf":[],"yoast_head":"<!-- This site is optimized with the Yoast SEO plugin v27.4 - https:\/\/yoast.com\/product\/yoast-seo-wordpress\/ -->\n<title>Representa\u00e7\u00e3o de IVA e alf\u00e2ndega nos Pa\u00edses Baixos | Desucla<\/title>\n<meta name=\"description\" content=\"Um resumo da representa\u00e7\u00e3o fiscal geral, limitada e indireta nos Pa\u00edses Baixos para a conformidade transfronteiri\u00e7a.\" \/>\n<meta name=\"robots\" content=\"index, follow, max-snippet:-1, max-image-preview:large, max-video-preview:-1\" \/>\n<link rel=\"canonical\" href=\"https:\/\/www.desucla.com\/pt\/resources\/representacao-de-iva-e-alfandega-nos-paises-baixos\/\" \/>\n<meta property=\"og:locale\" content=\"pt_PT\" \/>\n<meta property=\"og:type\" content=\"article\" \/>\n<meta property=\"og:title\" content=\"Representa\u00e7\u00e3o de IVA e alf\u00e2ndega nos Pa\u00edses Baixos | Desucla\" \/>\n<meta property=\"og:description\" content=\"Um resumo da representa\u00e7\u00e3o fiscal geral, limitada e indireta nos Pa\u00edses Baixos para a conformidade transfronteiri\u00e7a.\" \/>\n<meta property=\"og:url\" content=\"https:\/\/www.desucla.com\/pt\/resources\/representacao-de-iva-e-alfandega-nos-paises-baixos\/\" \/>\n<meta property=\"og:site_name\" content=\"Desucla\" \/>\n<meta property=\"article:modified_time\" content=\"2026-03-02T23:43:33+00:00\" \/>\n<meta property=\"og:image\" content=\"https:\/\/www.desucla.com\/wp-content\/uploads\/2024\/08\/VAT-Customs-Representation.webp\" \/>\n\t<meta property=\"og:image:width\" content=\"1500\" \/>\n\t<meta property=\"og:image:height\" content=\"1000\" \/>\n\t<meta property=\"og:image:type\" content=\"image\/webp\" \/>\n<meta name=\"twitter:card\" content=\"summary_large_image\" \/>\n<meta name=\"twitter:label1\" content=\"Tempo estimado de leitura\" \/>\n\t<meta name=\"twitter:data1\" content=\"5 minutos\" \/>\n<script type=\"application\/ld+json\" class=\"yoast-schema-graph\">{\"@context\":\"https:\\\/\\\/schema.org\",\"@graph\":[{\"@type\":\"WebPage\",\"@id\":\"https:\\\/\\\/www.desucla.com\\\/pt\\\/resources\\\/representacao-de-iva-e-alfandega-nos-paises-baixos\\\/\",\"url\":\"https:\\\/\\\/www.desucla.com\\\/pt\\\/resources\\\/representacao-de-iva-e-alfandega-nos-paises-baixos\\\/\",\"name\":\"Representa\u00e7\u00e3o de IVA e alf\u00e2ndega nos Pa\u00edses Baixos | Desucla\",\"isPartOf\":{\"@id\":\"https:\\\/\\\/www.desucla.com\\\/pt\\\/#website\"},\"primaryImageOfPage\":{\"@id\":\"https:\\\/\\\/www.desucla.com\\\/pt\\\/resources\\\/representacao-de-iva-e-alfandega-nos-paises-baixos\\\/#primaryimage\"},\"image\":{\"@id\":\"https:\\\/\\\/www.desucla.com\\\/pt\\\/resources\\\/representacao-de-iva-e-alfandega-nos-paises-baixos\\\/#primaryimage\"},\"thumbnailUrl\":\"https:\\\/\\\/www.desucla.com\\\/wp-content\\\/uploads\\\/2024\\\/08\\\/VAT-Customs-Representation.webp\",\"datePublished\":\"2024-08-20T09:00:00+00:00\",\"dateModified\":\"2026-03-02T23:43:33+00:00\",\"description\":\"Um resumo da representa\u00e7\u00e3o fiscal geral, limitada e indireta nos Pa\u00edses Baixos para a conformidade transfronteiri\u00e7a.\",\"breadcrumb\":{\"@id\":\"https:\\\/\\\/www.desucla.com\\\/pt\\\/resources\\\/representacao-de-iva-e-alfandega-nos-paises-baixos\\\/#breadcrumb\"},\"inLanguage\":\"pt-PT\",\"potentialAction\":[{\"@type\":\"ReadAction\",\"target\":[\"https:\\\/\\\/www.desucla.com\\\/pt\\\/resources\\\/representacao-de-iva-e-alfandega-nos-paises-baixos\\\/\"]}]},{\"@type\":\"ImageObject\",\"inLanguage\":\"pt-PT\",\"@id\":\"https:\\\/\\\/www.desucla.com\\\/pt\\\/resources\\\/representacao-de-iva-e-alfandega-nos-paises-baixos\\\/#primaryimage\",\"url\":\"https:\\\/\\\/www.desucla.com\\\/wp-content\\\/uploads\\\/2024\\\/08\\\/VAT-Customs-Representation.webp\",\"contentUrl\":\"https:\\\/\\\/www.desucla.com\\\/wp-content\\\/uploads\\\/2024\\\/08\\\/VAT-Customs-Representation.webp\",\"width\":1500,\"height\":1000},{\"@type\":\"BreadcrumbList\",\"@id\":\"https:\\\/\\\/www.desucla.com\\\/pt\\\/resources\\\/representacao-de-iva-e-alfandega-nos-paises-baixos\\\/#breadcrumb\",\"itemListElement\":[{\"@type\":\"ListItem\",\"position\":1,\"name\":\"Home\",\"item\":\"https:\\\/\\\/www.desucla.com\\\/pt\\\/\"},{\"@type\":\"ListItem\",\"position\":2,\"name\":\"Resources\",\"item\":\"https:\\\/\\\/www.desucla.com\\\/pt\\\/resources\\\/\"},{\"@type\":\"ListItem\",\"position\":3,\"name\":\"Representa\u00e7\u00e3o de IVA e Alf\u00e2ndega nos Pa\u00edses Baixos\"}]},{\"@type\":\"WebSite\",\"@id\":\"https:\\\/\\\/www.desucla.com\\\/pt\\\/#website\",\"url\":\"https:\\\/\\\/www.desucla.com\\\/pt\\\/\",\"name\":\"Desucla\",\"description\":\"\",\"potentialAction\":[{\"@type\":\"SearchAction\",\"target\":{\"@type\":\"EntryPoint\",\"urlTemplate\":\"https:\\\/\\\/www.desucla.com\\\/pt\\\/?s={search_term_string}\"},\"query-input\":{\"@type\":\"PropertyValueSpecification\",\"valueRequired\":true,\"valueName\":\"search_term_string\"}}],\"inLanguage\":\"pt-PT\"}]}<\/script>\n<!-- \/ Yoast SEO plugin. -->","yoast_head_json":{"title":"Representa\u00e7\u00e3o de IVA e alf\u00e2ndega nos Pa\u00edses Baixos | Desucla","description":"Um resumo da representa\u00e7\u00e3o fiscal geral, limitada e indireta nos Pa\u00edses Baixos para a conformidade transfronteiri\u00e7a.","robots":{"index":"index","follow":"follow","max-snippet":"max-snippet:-1","max-image-preview":"max-image-preview:large","max-video-preview":"max-video-preview:-1"},"canonical":"https:\/\/www.desucla.com\/pt\/resources\/representacao-de-iva-e-alfandega-nos-paises-baixos\/","og_locale":"pt_PT","og_type":"article","og_title":"Representa\u00e7\u00e3o de IVA e alf\u00e2ndega nos Pa\u00edses Baixos | Desucla","og_description":"Um resumo da representa\u00e7\u00e3o fiscal geral, limitada e indireta nos Pa\u00edses Baixos para a conformidade transfronteiri\u00e7a.","og_url":"https:\/\/www.desucla.com\/pt\/resources\/representacao-de-iva-e-alfandega-nos-paises-baixos\/","og_site_name":"Desucla","article_modified_time":"2026-03-02T23:43:33+00:00","og_image":[{"width":1500,"height":1000,"url":"https:\/\/www.desucla.com\/wp-content\/uploads\/2024\/08\/VAT-Customs-Representation.webp","type":"image\/webp"}],"twitter_card":"summary_large_image","twitter_misc":{"Tempo estimado de leitura":"5 minutos"},"schema":{"@context":"https:\/\/schema.org","@graph":[{"@type":"WebPage","@id":"https:\/\/www.desucla.com\/pt\/resources\/representacao-de-iva-e-alfandega-nos-paises-baixos\/","url":"https:\/\/www.desucla.com\/pt\/resources\/representacao-de-iva-e-alfandega-nos-paises-baixos\/","name":"Representa\u00e7\u00e3o de IVA e alf\u00e2ndega nos Pa\u00edses Baixos | Desucla","isPartOf":{"@id":"https:\/\/www.desucla.com\/pt\/#website"},"primaryImageOfPage":{"@id":"https:\/\/www.desucla.com\/pt\/resources\/representacao-de-iva-e-alfandega-nos-paises-baixos\/#primaryimage"},"image":{"@id":"https:\/\/www.desucla.com\/pt\/resources\/representacao-de-iva-e-alfandega-nos-paises-baixos\/#primaryimage"},"thumbnailUrl":"https:\/\/www.desucla.com\/wp-content\/uploads\/2024\/08\/VAT-Customs-Representation.webp","datePublished":"2024-08-20T09:00:00+00:00","dateModified":"2026-03-02T23:43:33+00:00","description":"Um resumo da representa\u00e7\u00e3o fiscal geral, limitada e indireta nos Pa\u00edses Baixos para a conformidade transfronteiri\u00e7a.","breadcrumb":{"@id":"https:\/\/www.desucla.com\/pt\/resources\/representacao-de-iva-e-alfandega-nos-paises-baixos\/#breadcrumb"},"inLanguage":"pt-PT","potentialAction":[{"@type":"ReadAction","target":["https:\/\/www.desucla.com\/pt\/resources\/representacao-de-iva-e-alfandega-nos-paises-baixos\/"]}]},{"@type":"ImageObject","inLanguage":"pt-PT","@id":"https:\/\/www.desucla.com\/pt\/resources\/representacao-de-iva-e-alfandega-nos-paises-baixos\/#primaryimage","url":"https:\/\/www.desucla.com\/wp-content\/uploads\/2024\/08\/VAT-Customs-Representation.webp","contentUrl":"https:\/\/www.desucla.com\/wp-content\/uploads\/2024\/08\/VAT-Customs-Representation.webp","width":1500,"height":1000},{"@type":"BreadcrumbList","@id":"https:\/\/www.desucla.com\/pt\/resources\/representacao-de-iva-e-alfandega-nos-paises-baixos\/#breadcrumb","itemListElement":[{"@type":"ListItem","position":1,"name":"Home","item":"https:\/\/www.desucla.com\/pt\/"},{"@type":"ListItem","position":2,"name":"Resources","item":"https:\/\/www.desucla.com\/pt\/resources\/"},{"@type":"ListItem","position":3,"name":"Representa\u00e7\u00e3o de IVA e Alf\u00e2ndega nos Pa\u00edses Baixos"}]},{"@type":"WebSite","@id":"https:\/\/www.desucla.com\/pt\/#website","url":"https:\/\/www.desucla.com\/pt\/","name":"Desucla","description":"","potentialAction":[{"@type":"SearchAction","target":{"@type":"EntryPoint","urlTemplate":"https:\/\/www.desucla.com\/pt\/?s={search_term_string}"},"query-input":{"@type":"PropertyValueSpecification","valueRequired":true,"valueName":"search_term_string"}}],"inLanguage":"pt-PT"}]}},"_links":{"self":[{"href":"https:\/\/www.desucla.com\/pt\/wp-json\/wp\/v2\/resource\/2126","targetHints":{"allow":["GET"]}}],"collection":[{"href":"https:\/\/www.desucla.com\/pt\/wp-json\/wp\/v2\/resource"}],"about":[{"href":"https:\/\/www.desucla.com\/pt\/wp-json\/wp\/v2\/types\/resource"}],"wp:featuredmedia":[{"embeddable":true,"href":"https:\/\/www.desucla.com\/pt\/wp-json\/wp\/v2\/media\/1779"}],"wp:attachment":[{"href":"https:\/\/www.desucla.com\/pt\/wp-json\/wp\/v2\/media?parent=2126"}],"wp:term":[{"taxonomy":"resource_type","embeddable":true,"href":"https:\/\/www.desucla.com\/pt\/wp-json\/wp\/v2\/resource_type?post=2126"},{"taxonomy":"resource_topic","embeddable":true,"href":"https:\/\/www.desucla.com\/pt\/wp-json\/wp\/v2\/resource_topic?post=2126"},{"taxonomy":"resource_product","embeddable":true,"href":"https:\/\/www.desucla.com\/pt\/wp-json\/wp\/v2\/resource_product?post=2126"}],"curies":[{"name":"wp","href":"https:\/\/api.w.org\/{rel}","templated":true}]}}