{"id":2127,"date":"2024-08-20T10:00:00","date_gmt":"2024-08-20T09:00:00","guid":{"rendered":"https:\/\/desucla.com\/resources\/representacion-de-iva-y-aduanas-en-los-paises-bajos\/"},"modified":"2026-03-02T23:43:33","modified_gmt":"2026-03-02T23:43:33","slug":"representacion-de-iva-y-aduanas-en-los-paises-bajos","status":"publish","type":"resource","link":"https:\/\/www.desucla.com\/es\/resources\/representacion-de-iva-y-aduanas-en-los-paises-bajos\/","title":{"rendered":"Representaci\u00f3n de IVA y Aduanas en los Pa\u00edses Bajos"},"content":{"rendered":"<p>Desucla act\u00faa como representante fiscal en todos los estados de la UE y en algunos pa\u00edses fuera de la UE. Es un requisito formal nombrar un representante fiscal en hasta 20 estados miembros de la UE. Una vez nombrado, el representante act\u00faa en nombre del negocio extranjero. Un representante fiscal act\u00faa como representante del IVA y normalmente es responsable ante la Autoridad Tributaria por el estado de cumplimiento de los comerciantes que representa.<\/p>\n<p>Los comerciantes pueden registrarse y adquirir representaci\u00f3n fiscal a trav\u00e9s de Desucla en l\u00ednea.<\/p>\n<p>En los Pa\u00edses Bajos tambi\u00e9n estamos autorizados para actuar como Representante Fiscal Limitado, mediante el cual Desucla importa bienes en nombre de comerciantes cuyos productos est\u00e1n destinados a clientes fuera de los Pa\u00edses Bajos. Desucla puede manejar las formalidades de importaci\u00f3n, el aplazamiento de derechos y el suministro posterior de bienes.<\/p>\n<p>A continuaci\u00f3n encontrar\u00e1 un resumen del entorno de representaciones en los Pa\u00edses Bajos que cubre la Representaci\u00f3n Fiscal General, Representaci\u00f3n Fiscal Limitada y Representaci\u00f3n Indirecta.<\/p>\n<ol>\n<li><strong>Representaci\u00f3n Fiscal General<\/strong><\/li>\n<\/ol>\n<p>Un representante fiscal general en los Pa\u00edses Bajos es lo que consideramos un representante fiscal normal en cualquier otro pa\u00eds donde se utilice. Un representante fiscal general puede ser nombrado por un comerciante que quiera poder comerciar en ese pa\u00eds y que necesite un n\u00famero de IVA local.<\/p>\n<p>Un representante fiscal general no es obligatorio en los Pa\u00edses Bajos, pero es necesario si un comerciante quiere evitar pagar el IVA de importaci\u00f3n en el punto de importaci\u00f3n. Para hacer esto, el comerciante necesita lo que se llama una Licencia del Art\u00edculo 23, que permite a los comerciantes evitar los costos de flujo de efectivo de pagar el IVA en la frontera.<\/p>\n<p>El Art\u00edculo 23 no cubre los derechos de aduana, por lo que estos deben pagarse en el momento de la importaci\u00f3n o diferirse durante el mes y luego pagarse despu\u00e9s de fin de mes en una suma global. En tales casos, tambi\u00e9n se requiere una garant\u00eda bancaria o un dep\u00f3sito financiero que sea acorde con la responsabilidad esperada y normalmente es negociado por el representante fiscal en nombre del comerciante.<\/p>\n<p>El proceso de nombrar un representante fiscal general se realiza solo despu\u00e9s de recibir el n\u00famero de IVA y cada nombramiento es aprobado individualmente por las Autoridades Tributarias de los Pa\u00edses Bajos. Un representante fiscal general tambi\u00e9n puede ser utilizado \u2013 en la interpretaci\u00f3n de las Autoridades Tributarias de los Pa\u00edses Bajos \u2013 como un establecimiento para fines de IVA y Aduanas \u00fanicamente de un negocio no residente. Eso significa que cualquier comerciante que tenga un representante fiscal general puede importar a los Pa\u00edses Bajos y la UE, lo que facilita el proceso de importaci\u00f3n y reduce el costo.<\/p>\n<p>Por lo tanto, en principio, en los Pa\u00edses Bajos no es necesario tener tanto un representante fiscal general como un representante indirecto (ver explicaci\u00f3n a continuaci\u00f3n) para importar, ya que el representante fiscal general en la pr\u00e1ctica elimina la necesidad de un representante indirecto.<\/p>\n<p>Debe tenerse en cuenta que la documentaci\u00f3n producida por <em>algunas<\/em> compa\u00f1\u00edas de env\u00edo no admite f\u00e1cilmente esto como una posibilidad, por lo que puede ser que sus sistemas no puedan trabajar con una empresa no perteneciente a la UE utilizando una direcci\u00f3n holandesa a menos que haya un representante indirecto en su lugar.<\/p>\n<ol start=\"2\">\n<li><strong>Representaci\u00f3n Fiscal Limitada (LFR)<\/strong><\/li>\n<\/ol>\n<p>Un Representante Fiscal Limitado es una entidad muy diferente y solo puede ser utilizado para asistir a comerciantes que desean importar bienes a los Pa\u00edses Bajos, pero solo donde los bienes est\u00e1n destinados a un pa\u00eds que no es los Pa\u00edses Bajos (t\u00edpicamente otro estado de la UE). Esto significa que un comerciante no necesita su propio n\u00famero de IVA holand\u00e9s para importar a la UE. Mientras tenga un n\u00famero de IVA en otro lugar al que se despachen los bienes, entonces la importaci\u00f3n a la UE puede hacerse con un Representante Fiscal Limitado actuando en nombre del comerciante.<\/p>\n<p>En este caso, por supuesto, el Representante Fiscal Limitado puede ser nombrado y en realidad se convierte en parte de la cadena de suministro. Una vez nombrado, se convierte en el importador y proveedor posterior de bienes al comerciante. Desucla est\u00e1 autorizado para actuar en esta capacidad tanto para comerciantes de la UE como de fuera de la UE.<\/p>\n<p>Los n\u00fameros de IVA de Representante Fiscal Limitado tienen un sufijo especial que informa a la Autoridad Tributaria holandesa que estamos actuando en esa capacidad. Una vez importados, Desucla realiza un suministro posterior (\u00abtasa cero\u00bb) de los bienes de vuelta al comerciante importador. Desucla Pa\u00edses Bajos tiene una autorizaci\u00f3n para actuar como Representante Fiscal Limitado y tiene una licencia del Art\u00edculo 23 en su lugar para sus nombramientos. Desucla Pa\u00edses Bajos tambi\u00e9n tiene una cuenta de aplazamiento de derechos en su lugar para apoyar estas transacciones.<\/p>\n<ol start=\"3\">\n<li><strong>Representaci\u00f3n Indirecta<\/strong><\/li>\n<\/ol>\n<p>Un representante indirecto es una forma de representante aduanero. Bajo el c\u00f3digo aduanero de la UE, un importador no puede importar a la UE a menos que est\u00e9 establecido all\u00ed. Desucla puede actuar como representante indirecto, pero por las razones mencionadas anteriormente, rara vez se requiere en los Pa\u00edses Bajos, ya que un representante fiscal a menudo es suficiente.<\/p>\n<p>Debe tenerse en cuenta que un representante indirecto es el declarante de la importaci\u00f3n y no el importador de los bienes \u2013 el representante indirecto responde por las importaciones realizadas por los comerciantes no residentes. Desucla Pa\u00edses Bajos est\u00e1 autorizado por la Autoridad Tributaria holandesa para actuar como representante indirecto.<\/p>\n<p>El proceso es t\u00edpicamente muy r\u00e1pido ya que solo se necesita emitir una Carta de Nombramiento para crear la relaci\u00f3n de representante indirecto.<\/p>\n<p>El problema con los representantes indirectos viene con la falta de disposici\u00f3n de las compa\u00f1\u00edas de env\u00edo para trabajar con ellos. Muchas de las compa\u00f1\u00edas de env\u00edo temen la migraci\u00f3n de la responsabilidad a sus propias operaciones, lo que hace que esta forma de representaci\u00f3n sea poco atractiva para ellas. Casi siempre se prefieren rutas alternativas.<\/p>\n<p><em>Esta es una parte de un blog regular que estamos comenzando en Desucla sobre temas de inter\u00e9s relacionados con el comercio, los impuestos y las aduanas en Europa.<\/em><\/p>\n<p><em>Uno de los temas sobre los que recibimos muchas preguntas es la Representaci\u00f3n en los Pa\u00edses Bajos, que es el r\u00e9gimen m\u00e1s complejo pero tambi\u00e9n potencialmente m\u00e1s \u00fatil, creo, en Europa.<\/em><\/p>\n","protected":false},"excerpt":{"rendered":"<p>Un resumen de la Representaci\u00f3n Fiscal General, Representaci\u00f3n Fiscal Limitada y Representaci\u00f3n Indirecta en los Pa\u00edses Bajos.<\/p>\n","protected":false},"featured_media":1779,"template":"","resource_type":[75],"resource_topic":[105,101],"resource_product":[103],"class_list":["post-2127","resource","type-resource","status-publish","has-post-thumbnail","hentry","resource_type-blog","resource_topic-customs","resource_topic-vat","resource_product-submit-settle"],"acf":[],"yoast_head":"<!-- This site is optimized with the Yoast SEO plugin v27.4 - https:\/\/yoast.com\/product\/yoast-seo-wordpress\/ -->\n<title>Representaci\u00f3n de IVA y aduanas en los Pa\u00edses Bajos | Desucla<\/title>\n<meta name=\"description\" content=\"Un resumen de la representaci\u00f3n fiscal general, limitada e indirecta en los Pa\u00edses Bajos para el cumplimiento transfronterizo.\" \/>\n<meta name=\"robots\" content=\"index, follow, max-snippet:-1, max-image-preview:large, max-video-preview:-1\" \/>\n<link rel=\"canonical\" href=\"https:\/\/www.desucla.com\/es\/resources\/representacion-de-iva-y-aduanas-en-los-paises-bajos\/\" \/>\n<meta property=\"og:locale\" content=\"es_ES\" \/>\n<meta property=\"og:type\" content=\"article\" \/>\n<meta property=\"og:title\" content=\"Representaci\u00f3n de IVA y aduanas en los Pa\u00edses Bajos | Desucla\" \/>\n<meta property=\"og:description\" content=\"Un resumen de la representaci\u00f3n fiscal general, limitada e indirecta en los Pa\u00edses Bajos para el cumplimiento transfronterizo.\" \/>\n<meta property=\"og:url\" content=\"https:\/\/www.desucla.com\/es\/resources\/representacion-de-iva-y-aduanas-en-los-paises-bajos\/\" \/>\n<meta property=\"og:site_name\" content=\"Desucla\" \/>\n<meta property=\"article:modified_time\" content=\"2026-03-02T23:43:33+00:00\" \/>\n<meta property=\"og:image\" content=\"https:\/\/www.desucla.com\/wp-content\/uploads\/2024\/08\/VAT-Customs-Representation.webp\" \/>\n\t<meta property=\"og:image:width\" content=\"1500\" \/>\n\t<meta property=\"og:image:height\" content=\"1000\" \/>\n\t<meta property=\"og:image:type\" content=\"image\/webp\" \/>\n<meta name=\"twitter:card\" content=\"summary_large_image\" \/>\n<meta name=\"twitter:label1\" content=\"Tiempo de lectura\" \/>\n\t<meta name=\"twitter:data1\" content=\"6 minutos\" \/>\n<script type=\"application\/ld+json\" class=\"yoast-schema-graph\">{\"@context\":\"https:\\\/\\\/schema.org\",\"@graph\":[{\"@type\":\"WebPage\",\"@id\":\"https:\\\/\\\/www.desucla.com\\\/es\\\/resources\\\/representacion-de-iva-y-aduanas-en-los-paises-bajos\\\/\",\"url\":\"https:\\\/\\\/www.desucla.com\\\/es\\\/resources\\\/representacion-de-iva-y-aduanas-en-los-paises-bajos\\\/\",\"name\":\"Representaci\u00f3n de IVA y aduanas en los Pa\u00edses Bajos | Desucla\",\"isPartOf\":{\"@id\":\"https:\\\/\\\/www.desucla.com\\\/es\\\/#website\"},\"primaryImageOfPage\":{\"@id\":\"https:\\\/\\\/www.desucla.com\\\/es\\\/resources\\\/representacion-de-iva-y-aduanas-en-los-paises-bajos\\\/#primaryimage\"},\"image\":{\"@id\":\"https:\\\/\\\/www.desucla.com\\\/es\\\/resources\\\/representacion-de-iva-y-aduanas-en-los-paises-bajos\\\/#primaryimage\"},\"thumbnailUrl\":\"https:\\\/\\\/www.desucla.com\\\/wp-content\\\/uploads\\\/2024\\\/08\\\/VAT-Customs-Representation.webp\",\"datePublished\":\"2024-08-20T09:00:00+00:00\",\"dateModified\":\"2026-03-02T23:43:33+00:00\",\"description\":\"Un resumen de la representaci\u00f3n fiscal general, limitada e indirecta en los Pa\u00edses Bajos para el cumplimiento transfronterizo.\",\"breadcrumb\":{\"@id\":\"https:\\\/\\\/www.desucla.com\\\/es\\\/resources\\\/representacion-de-iva-y-aduanas-en-los-paises-bajos\\\/#breadcrumb\"},\"inLanguage\":\"es\",\"potentialAction\":[{\"@type\":\"ReadAction\",\"target\":[\"https:\\\/\\\/www.desucla.com\\\/es\\\/resources\\\/representacion-de-iva-y-aduanas-en-los-paises-bajos\\\/\"]}]},{\"@type\":\"ImageObject\",\"inLanguage\":\"es\",\"@id\":\"https:\\\/\\\/www.desucla.com\\\/es\\\/resources\\\/representacion-de-iva-y-aduanas-en-los-paises-bajos\\\/#primaryimage\",\"url\":\"https:\\\/\\\/www.desucla.com\\\/wp-content\\\/uploads\\\/2024\\\/08\\\/VAT-Customs-Representation.webp\",\"contentUrl\":\"https:\\\/\\\/www.desucla.com\\\/wp-content\\\/uploads\\\/2024\\\/08\\\/VAT-Customs-Representation.webp\",\"width\":1500,\"height\":1000},{\"@type\":\"BreadcrumbList\",\"@id\":\"https:\\\/\\\/www.desucla.com\\\/es\\\/resources\\\/representacion-de-iva-y-aduanas-en-los-paises-bajos\\\/#breadcrumb\",\"itemListElement\":[{\"@type\":\"ListItem\",\"position\":1,\"name\":\"Home\",\"item\":\"https:\\\/\\\/www.desucla.com\\\/es\\\/\"},{\"@type\":\"ListItem\",\"position\":2,\"name\":\"Resources\",\"item\":\"https:\\\/\\\/www.desucla.com\\\/es\\\/resources\\\/\"},{\"@type\":\"ListItem\",\"position\":3,\"name\":\"Representaci\u00f3n de IVA y Aduanas en los Pa\u00edses Bajos\"}]},{\"@type\":\"WebSite\",\"@id\":\"https:\\\/\\\/www.desucla.com\\\/es\\\/#website\",\"url\":\"https:\\\/\\\/www.desucla.com\\\/es\\\/\",\"name\":\"Desucla\",\"description\":\"\",\"potentialAction\":[{\"@type\":\"SearchAction\",\"target\":{\"@type\":\"EntryPoint\",\"urlTemplate\":\"https:\\\/\\\/www.desucla.com\\\/es\\\/?s={search_term_string}\"},\"query-input\":{\"@type\":\"PropertyValueSpecification\",\"valueRequired\":true,\"valueName\":\"search_term_string\"}}],\"inLanguage\":\"es\"}]}<\/script>\n<!-- \/ Yoast SEO plugin. -->","yoast_head_json":{"title":"Representaci\u00f3n de IVA y aduanas en los Pa\u00edses Bajos | Desucla","description":"Un resumen de la representaci\u00f3n fiscal general, limitada e indirecta en los Pa\u00edses Bajos para el cumplimiento transfronterizo.","robots":{"index":"index","follow":"follow","max-snippet":"max-snippet:-1","max-image-preview":"max-image-preview:large","max-video-preview":"max-video-preview:-1"},"canonical":"https:\/\/www.desucla.com\/es\/resources\/representacion-de-iva-y-aduanas-en-los-paises-bajos\/","og_locale":"es_ES","og_type":"article","og_title":"Representaci\u00f3n de IVA y aduanas en los Pa\u00edses Bajos | Desucla","og_description":"Un resumen de la representaci\u00f3n fiscal general, limitada e indirecta en los Pa\u00edses Bajos para el cumplimiento transfronterizo.","og_url":"https:\/\/www.desucla.com\/es\/resources\/representacion-de-iva-y-aduanas-en-los-paises-bajos\/","og_site_name":"Desucla","article_modified_time":"2026-03-02T23:43:33+00:00","og_image":[{"width":1500,"height":1000,"url":"https:\/\/www.desucla.com\/wp-content\/uploads\/2024\/08\/VAT-Customs-Representation.webp","type":"image\/webp"}],"twitter_card":"summary_large_image","twitter_misc":{"Tiempo de lectura":"6 minutos"},"schema":{"@context":"https:\/\/schema.org","@graph":[{"@type":"WebPage","@id":"https:\/\/www.desucla.com\/es\/resources\/representacion-de-iva-y-aduanas-en-los-paises-bajos\/","url":"https:\/\/www.desucla.com\/es\/resources\/representacion-de-iva-y-aduanas-en-los-paises-bajos\/","name":"Representaci\u00f3n de IVA y aduanas en los Pa\u00edses Bajos | Desucla","isPartOf":{"@id":"https:\/\/www.desucla.com\/es\/#website"},"primaryImageOfPage":{"@id":"https:\/\/www.desucla.com\/es\/resources\/representacion-de-iva-y-aduanas-en-los-paises-bajos\/#primaryimage"},"image":{"@id":"https:\/\/www.desucla.com\/es\/resources\/representacion-de-iva-y-aduanas-en-los-paises-bajos\/#primaryimage"},"thumbnailUrl":"https:\/\/www.desucla.com\/wp-content\/uploads\/2024\/08\/VAT-Customs-Representation.webp","datePublished":"2024-08-20T09:00:00+00:00","dateModified":"2026-03-02T23:43:33+00:00","description":"Un resumen de la representaci\u00f3n fiscal general, limitada e indirecta en los Pa\u00edses Bajos para el cumplimiento transfronterizo.","breadcrumb":{"@id":"https:\/\/www.desucla.com\/es\/resources\/representacion-de-iva-y-aduanas-en-los-paises-bajos\/#breadcrumb"},"inLanguage":"es","potentialAction":[{"@type":"ReadAction","target":["https:\/\/www.desucla.com\/es\/resources\/representacion-de-iva-y-aduanas-en-los-paises-bajos\/"]}]},{"@type":"ImageObject","inLanguage":"es","@id":"https:\/\/www.desucla.com\/es\/resources\/representacion-de-iva-y-aduanas-en-los-paises-bajos\/#primaryimage","url":"https:\/\/www.desucla.com\/wp-content\/uploads\/2024\/08\/VAT-Customs-Representation.webp","contentUrl":"https:\/\/www.desucla.com\/wp-content\/uploads\/2024\/08\/VAT-Customs-Representation.webp","width":1500,"height":1000},{"@type":"BreadcrumbList","@id":"https:\/\/www.desucla.com\/es\/resources\/representacion-de-iva-y-aduanas-en-los-paises-bajos\/#breadcrumb","itemListElement":[{"@type":"ListItem","position":1,"name":"Home","item":"https:\/\/www.desucla.com\/es\/"},{"@type":"ListItem","position":2,"name":"Resources","item":"https:\/\/www.desucla.com\/es\/resources\/"},{"@type":"ListItem","position":3,"name":"Representaci\u00f3n de IVA y Aduanas en los Pa\u00edses Bajos"}]},{"@type":"WebSite","@id":"https:\/\/www.desucla.com\/es\/#website","url":"https:\/\/www.desucla.com\/es\/","name":"Desucla","description":"","potentialAction":[{"@type":"SearchAction","target":{"@type":"EntryPoint","urlTemplate":"https:\/\/www.desucla.com\/es\/?s={search_term_string}"},"query-input":{"@type":"PropertyValueSpecification","valueRequired":true,"valueName":"search_term_string"}}],"inLanguage":"es"}]}},"_links":{"self":[{"href":"https:\/\/www.desucla.com\/es\/wp-json\/wp\/v2\/resource\/2127","targetHints":{"allow":["GET"]}}],"collection":[{"href":"https:\/\/www.desucla.com\/es\/wp-json\/wp\/v2\/resource"}],"about":[{"href":"https:\/\/www.desucla.com\/es\/wp-json\/wp\/v2\/types\/resource"}],"wp:featuredmedia":[{"embeddable":true,"href":"https:\/\/www.desucla.com\/es\/wp-json\/wp\/v2\/media\/1779"}],"wp:attachment":[{"href":"https:\/\/www.desucla.com\/es\/wp-json\/wp\/v2\/media?parent=2127"}],"wp:term":[{"taxonomy":"resource_type","embeddable":true,"href":"https:\/\/www.desucla.com\/es\/wp-json\/wp\/v2\/resource_type?post=2127"},{"taxonomy":"resource_topic","embeddable":true,"href":"https:\/\/www.desucla.com\/es\/wp-json\/wp\/v2\/resource_topic?post=2127"},{"taxonomy":"resource_product","embeddable":true,"href":"https:\/\/www.desucla.com\/es\/wp-json\/wp\/v2\/resource_product?post=2127"}],"curies":[{"name":"wp","href":"https:\/\/api.w.org\/{rel}","templated":true}]}}